{"id":19,"date":"2024-08-04T17:34:16","date_gmt":"2024-08-04T17:34:16","guid":{"rendered":"https:\/\/www.vlacek-upa.cz\/?page_id=19"},"modified":"2024-08-04T23:41:28","modified_gmt":"2024-08-04T23:41:28","slug":"jizdne","status":"publish","type":"page","link":"https:\/\/www.vlacek-upa.cz\/?page_id=19","title":{"rendered":"J\u00edzdn\u00ed \u0159\u00e1d a objedn\u00e1vky skupin"},"content":{"rendered":"\n<figure class=\"wp-block-image size-full is-resized\"><img loading=\"lazy\" decoding=\"async\" width=\"995\" height=\"270\" src=\"https:\/\/www.vlacek-upa.cz\/wp-content\/uploads\/2024\/08\/vlacek.png\" alt=\"\" class=\"wp-image-88\" style=\"width:840px;height:auto\" srcset=\"https:\/\/www.vlacek-upa.cz\/wp-content\/uploads\/2024\/08\/vlacek.png 995w, https:\/\/www.vlacek-upa.cz\/wp-content\/uploads\/2024\/08\/vlacek-300x81.png 300w, https:\/\/www.vlacek-upa.cz\/wp-content\/uploads\/2024\/08\/vlacek-768x208.png 768w\" sizes=\"auto, (max-width: 995px) 100vw, 995px\" \/><\/figure>\n\n\n\n<h3 class=\"wp-block-heading\"><strong>J\u00edzdn\u00ed \u0159\u00e1d Vl\u00e1\u010dku \u00dap\u00e1\u010dku<\/strong><\/h3>\n\n\n\n<p>Jezd\u00edme pravideln\u011b od jara do podzimu. N\u00ed\u017ee najdete aktu\u00e1ln\u00ed j\u00edzdn\u00ed \u0159\u00e1d. Chcete-li si objednat speci\u00e1ln\u00ed j\u00edzdu pro skupiny, nev\u00e1hejte n\u00e1s kontaktovat nejl\u00e9pe telefonicky.<\/p>\n\n\n\n<figure class=\"wp-block-gallery has-nested-images columns-default is-cropped wp-block-gallery-1 is-layout-flex wp-block-gallery-is-layout-flex\">\n<figure class=\"wp-block-image size-full\"><img loading=\"lazy\" decoding=\"async\" width=\"1746\" height=\"571\" data-id=\"90\" src=\"https:\/\/www.vlacek-upa.cz\/wp-content\/uploads\/2024\/08\/jizdnirad2024.jpg\" alt=\"\" class=\"wp-image-90\" srcset=\"https:\/\/www.vlacek-upa.cz\/wp-content\/uploads\/2024\/08\/jizdnirad2024.jpg 1746w, https:\/\/www.vlacek-upa.cz\/wp-content\/uploads\/2024\/08\/jizdnirad2024-300x98.jpg 300w, https:\/\/www.vlacek-upa.cz\/wp-content\/uploads\/2024\/08\/jizdnirad2024-1024x335.jpg 1024w, https:\/\/www.vlacek-upa.cz\/wp-content\/uploads\/2024\/08\/jizdnirad2024-768x251.jpg 768w, https:\/\/www.vlacek-upa.cz\/wp-content\/uploads\/2024\/08\/jizdnirad2024-1536x502.jpg 1536w\" sizes=\"auto, (max-width: 1746px) 100vw, 1746px\" \/><\/figure>\n<\/figure>\n\n\n\n<p><strong>J\u00edzdn\u00ed \u0159\u00e1d \u010dervenec a srpen:<\/strong><\/p>\n\n\n\n<ul class=\"wp-block-list\">\n<li><strong>\u00dater\u00fd, \u010ctvrtek, Sobota a Ned\u011ble  ze Sp\u00e1len\u00e9ho Ml\u00fdny<\/strong> (Doln\u00ed Mal\u00e1 \u00dapa): 9:00, 13.00,15:30<\/li>\n\n\n\n<li><strong>\u00dater\u00fd, \u010ctvrtek, Sobota a Ned\u011ble  ze Pomezn\u00edch Bud<\/strong> ( od infocentra Horn\u00ed Mal\u00e1 \u00dapa): 10:40, 14.00,16:15<\/li>\n<\/ul>\n\n\n\n<p><strong>J\u00edzdn\u00ed \u0159\u00e1d kv\u011bten &#8211; \u010derven + z\u00e1\u0159\u00ed &#8211; \u0159\u00edjen a listopad (dle po\u010das\u00ed)<\/strong><\/p>\n\n\n\n<ul class=\"wp-block-list\">\n<li><strong>Pond\u011bl\u00ed -P\u00e1tek na objedn\u00e1vku (\u0161koly, skupiny, svatby&#8230;)<\/strong><\/li>\n\n\n\n<li><strong>Sobota a Ned\u011ble  ze Sp\u00e1len\u00e9ho Ml\u00fdny<\/strong> (Doln\u00ed Mal\u00e1 \u00dapa): 9:00, 13.00,15:30<\/li>\n\n\n\n<li>S<strong>obota a Ned\u011ble ze Pomezn\u00edch Bud<\/strong> ( od infocentra Horn\u00ed Mal\u00e1 \u00dapa): 10:40, 14.00,16:15<\/li>\n<\/ul>\n\n\n\n<p><strong>Objedn\u00e1vky pro skupiny:<\/strong> Pl\u00e1nujete \u0161koln\u00ed v\u00fdlet, rodinnou oslavu nebo firemn\u00ed akci? Nab\u00edz\u00edme mo\u017enost pron\u00e1jmu Vl\u00e1\u010dku \u00dap\u00e1\u010dku pro va\u0161i skupinu. Kontaktujte n\u00e1s na emailu <a>objednavky@vlacek-upa.cz<\/a> nebo na telefonu +420 774 152 685 a domluvte si individu\u00e1ln\u00ed j\u00edzdu dle va\u0161ich pot\u0159eb (SLEVA 50% a v\u00edce dle velikosti skupiny).<\/p>\n\n\n\n<div class=\"wp-block-buttons is-layout-flex wp-block-buttons-is-layout-flex\">\n<div class=\"wp-block-button\"><a class=\"wp-block-button__link has-vivid-green-cyan-background-color has-background wp-element-button\" href=\"https:\/\/www.vlacek-upa.cz\/?page_id=114\">Rezervuj si m\u00edsto ve vl\u00e1\u010dku nebo objednej rovnou celou skupinu<\/a><\/div>\n<\/div>\n\n\n\n<p><\/p>\n\n\n\n<figure class=\"wp-block-image size-full\"><img loading=\"lazy\" decoding=\"async\" width=\"1024\" height=\"718\" src=\"https:\/\/www.vlacek-upa.cz\/wp-content\/uploads\/2024\/08\/vlacek2019-prazdniny.jpg\" alt=\"\" class=\"wp-image-84\" srcset=\"https:\/\/www.vlacek-upa.cz\/wp-content\/uploads\/2024\/08\/vlacek2019-prazdniny.jpg 1024w, https:\/\/www.vlacek-upa.cz\/wp-content\/uploads\/2024\/08\/vlacek2019-prazdniny-300x210.jpg 300w, https:\/\/www.vlacek-upa.cz\/wp-content\/uploads\/2024\/08\/vlacek2019-prazdniny-768x539.jpg 768w\" sizes=\"auto, (max-width: 1024px) 100vw, 1024px\" \/><\/figure>\n\n\n\n<p><\/p>\n\n\n\n<p><\/p>\n","protected":false},"excerpt":{"rendered":"<p>J\u00edzdn\u00ed \u0159\u00e1d Vl\u00e1\u010dku \u00dap\u00e1\u010dku Jezd\u00edme pravideln\u011b od jara do podzimu. N\u00ed\u017ee najdete aktu\u00e1ln\u00ed j\u00edzdn\u00ed \u0159\u00e1d. Chcete-li si objednat speci\u00e1ln\u00ed j\u00edzdu pro skupiny, nev\u00e1hejte n\u00e1s kontaktovat nejl\u00e9pe telefonicky. J\u00edzdn\u00ed \u0159\u00e1d \u010dervenec &hellip; <\/p>\n","protected":false},"author":1,"featured_media":0,"parent":0,"menu_order":0,"comment_status":"closed","ping_status":"closed","template":"","meta":{"footnotes":""},"class_list":["post-19","page","type-page","status-publish","hentry"],"jetpack_sharing_enabled":true,"_links":{"self":[{"href":"https:\/\/www.vlacek-upa.cz\/index.php?rest_route=\/wp\/v2\/pages\/19","targetHints":{"allow":["GET"]}}],"collection":[{"href":"https:\/\/www.vlacek-upa.cz\/index.php?rest_route=\/wp\/v2\/pages"}],"about":[{"href":"https:\/\/www.vlacek-upa.cz\/index.php?rest_route=\/wp\/v2\/types\/page"}],"author":[{"embeddable":true,"href":"https:\/\/www.vlacek-upa.cz\/index.php?rest_route=\/wp\/v2\/users\/1"}],"replies":[{"embeddable":true,"href":"https:\/\/www.vlacek-upa.cz\/index.php?rest_route=%2Fwp%2Fv2%2Fcomments&post=19"}],"version-history":[{"count":7,"href":"https:\/\/www.vlacek-upa.cz\/index.php?rest_route=\/wp\/v2\/pages\/19\/revisions"}],"predecessor-version":[{"id":122,"href":"https:\/\/www.vlacek-upa.cz\/index.php?rest_route=\/wp\/v2\/pages\/19\/revisions\/122"}],"wp:attachment":[{"href":"https:\/\/www.vlacek-upa.cz\/index.php?rest_route=%2Fwp%2Fv2%2Fmedia&parent=19"}],"curies":[{"name":"wp","href":"https:\/\/api.w.org\/{rel}","templated":true}]}}